{"version":"1.0","provider_name":"Avrupal\u0131 T\u00fcrklerin en Yeni Haber Portal\u0131","provider_url":"https:\/\/avrupatv.eu","author_name":"Onur Akpinar","author_url":"https:\/\/avrupatv.eu\/index.php\/author\/onur-akpinar\/","title":"BEL\u00c7\u0130KA\u2019DA YILBA\u015eI GECES\u0130 G\u00d6LGEDE KALDI - Avrupal\u0131 T\u00fcrklerin en Yeni Haber Portal\u0131","type":"rich","width":600,"height":338,"html":"<blockquote class=\"wp-embedded-content\" data-secret=\"kOZBHemyAC\"><a href=\"https:\/\/avrupatv.eu\/index.php\/2026\/01\/01\/belcikada-yilbasi-gecesi-golgede-kaldi\/\">BEL\u00c7\u0130KA\u2019DA YILBA\u015eI GECES\u0130 G\u00d6LGEDE KALDI<\/a><\/blockquote><iframe sandbox=\"allow-scripts\" security=\"restricted\" src=\"https:\/\/avrupatv.eu\/index.php\/2026\/01\/01\/belcikada-yilbasi-gecesi-golgede-kaldi\/embed\/#?secret=kOZBHemyAC\" width=\"600\" height=\"338\" title=\"&#8220;BEL\u00c7\u0130KA\u2019DA YILBA\u015eI GECES\u0130 G\u00d6LGEDE KALDI&#8221; &#8212; Avrupal\u0131 T\u00fcrklerin en Yeni Haber Portal\u0131\" data-secret=\"kOZBHemyAC\" frameborder=\"0\" marginwidth=\"0\" marginheight=\"0\" scrolling=\"no\" class=\"wp-embedded-content\"><\/iframe><script type=\"text\/javascript\">\n\/* <![CDATA[ *\/\n\/*! This file is auto-generated *\/\n!function(d,l){\"use strict\";l.querySelector&&d.addEventListener&&\"undefined\"!=typeof URL&&(d.wp=d.wp||{},d.wp.receiveEmbedMessage||(d.wp.receiveEmbedMessage=function(e){var t=e.data;if((t||t.secret||t.message||t.value)&&!\/[^a-zA-Z0-9]\/.test(t.secret)){for(var s,r,n,a=l.querySelectorAll('iframe[data-secret=\"'+t.secret+'\"]'),o=l.querySelectorAll('blockquote[data-secret=\"'+t.secret+'\"]'),c=new RegExp(\"^https?:$\",\"i\"),i=0;i<o.length;i++)o[i].style.display=\"none\";for(i=0;i<a.length;i++)s=a[i],e.source===s.contentWindow&&(s.removeAttribute(\"style\"),\"height\"===t.message?(1e3<(r=parseInt(t.value,10))?r=1e3:~~r<200&&(r=200),s.height=r):\"link\"===t.message&&(r=new URL(s.getAttribute(\"src\")),n=new URL(t.value),c.test(n.protocol))&&n.host===r.host&&l.activeElement===s&&(d.top.location.href=t.value))}},d.addEventListener(\"message\",d.wp.receiveEmbedMessage,!1),l.addEventListener(\"DOMContentLoaded\",function(){for(var e,t,s=l.querySelectorAll(\"iframe.wp-embedded-content\"),r=0;r<s.length;r++)(t=(e=s[r]).getAttribute(\"data-secret\"))||(t=Math.random().toString(36).substring(2,12),e.src+=\"#?secret=\"+t,e.setAttribute(\"data-secret\",t)),e.contentWindow.postMessage({message:\"ready\",secret:t},\"*\")},!1)))}(window,document);\n\/* ]]> *\/\n<\/script>\n","thumbnail_url":"https:\/\/avrupatv.eu\/wp-content\/uploads\/2026\/01\/atomium-todaylife-1368-Version-2-scaled.jpg","thumbnail_width":2560,"thumbnail_height":1439,"description":"Polis ve yard\u0131m ekipleri hedef al\u0131nd\u0131, \u00e7ok say\u0131da g\u00f6zalt\u0131, yaral\u0131lar var Bel\u00e7ika\u2019da 2025\u2019ten 2026\u2019ya ge\u00e7i\u015f, bir\u00e7ok \u015fehirde ciddi g\u00fcvenlik olaylar\u0131yla g\u00f6lgelendi. Ba\u015fta Br\u00fcksel ve Antwerpen olmak \u00fczere \u00e7ok say\u0131da kentte polis, ambulans ve itfaiye ekipleri havai fi\u015fek, ta\u015f ve yan\u0131c\u0131 maddelerle hedef al\u0131nd\u0131. ANTWERPEN: \u201cYARDIM EK\u0130PLER\u0130 \u0130\u00c7\u0130N G\u00dcVENL\u0130 DE\u011e\u0130LD\u0130\u201d Antwerpen Polisi, gece boyunca \u00e7ok say\u0131da [&hellip;]"}