{"version":"1.0","provider_name":"Avrupal\u0131 T\u00fcrklerin en Yeni Haber Portal\u0131","provider_url":"https:\/\/avrupatv.eu","author_name":"Onur Akpinar","author_url":"https:\/\/avrupatv.eu\/index.php\/author\/onur-akpinar\/","title":"CHP Bel\u00e7ika'dan Limburg\u2019da Dayan\u0131\u015fma Kahvalt\u0131s\u0131 - Avrupal\u0131 T\u00fcrklerin en Yeni Haber Portal\u0131","type":"rich","width":600,"height":338,"html":"<blockquote class=\"wp-embedded-content\" data-secret=\"P6UKfFgXR9\"><a href=\"https:\/\/avrupatv.eu\/index.php\/2025\/12\/09\/chp-belcikadan-limburgda-dayanisma-kahvaltisi\/\">CHP Bel\u00e7ika&#8217;dan Limburg\u2019da Dayan\u0131\u015fma Kahvalt\u0131s\u0131<\/a><\/blockquote><iframe sandbox=\"allow-scripts\" security=\"restricted\" src=\"https:\/\/avrupatv.eu\/index.php\/2025\/12\/09\/chp-belcikadan-limburgda-dayanisma-kahvaltisi\/embed\/#?secret=P6UKfFgXR9\" width=\"600\" height=\"338\" title=\"&#8220;CHP Bel\u00e7ika&#8217;dan Limburg\u2019da Dayan\u0131\u015fma Kahvalt\u0131s\u0131&#8221; &#8212; Avrupal\u0131 T\u00fcrklerin en Yeni Haber Portal\u0131\" data-secret=\"P6UKfFgXR9\" frameborder=\"0\" marginwidth=\"0\" marginheight=\"0\" scrolling=\"no\" class=\"wp-embedded-content\"><\/iframe><script type=\"text\/javascript\">\n\/* <![CDATA[ *\/\n\/*! This file is auto-generated *\/\n!function(d,l){\"use strict\";l.querySelector&&d.addEventListener&&\"undefined\"!=typeof URL&&(d.wp=d.wp||{},d.wp.receiveEmbedMessage||(d.wp.receiveEmbedMessage=function(e){var t=e.data;if((t||t.secret||t.message||t.value)&&!\/[^a-zA-Z0-9]\/.test(t.secret)){for(var s,r,n,a=l.querySelectorAll('iframe[data-secret=\"'+t.secret+'\"]'),o=l.querySelectorAll('blockquote[data-secret=\"'+t.secret+'\"]'),c=new RegExp(\"^https?:$\",\"i\"),i=0;i<o.length;i++)o[i].style.display=\"none\";for(i=0;i<a.length;i++)s=a[i],e.source===s.contentWindow&&(s.removeAttribute(\"style\"),\"height\"===t.message?(1e3<(r=parseInt(t.value,10))?r=1e3:~~r<200&&(r=200),s.height=r):\"link\"===t.message&&(r=new URL(s.getAttribute(\"src\")),n=new URL(t.value),c.test(n.protocol))&&n.host===r.host&&l.activeElement===s&&(d.top.location.href=t.value))}},d.addEventListener(\"message\",d.wp.receiveEmbedMessage,!1),l.addEventListener(\"DOMContentLoaded\",function(){for(var e,t,s=l.querySelectorAll(\"iframe.wp-embedded-content\"),r=0;r<s.length;r++)(t=(e=s[r]).getAttribute(\"data-secret\"))||(t=Math.random().toString(36).substring(2,12),e.src+=\"#?secret=\"+t,e.setAttribute(\"data-secret\",t)),e.contentWindow.postMessage({message:\"ready\",secret:t},\"*\")},!1)))}(window,document);\n\/* ]]> *\/\n<\/script>\n","thumbnail_url":"https:\/\/avrupatv.eu\/wp-content\/uploads\/2025\/12\/1000318039.jpg","thumbnail_width":1079,"thumbnail_height":1348,"description":"CHP Bel\u00e7ika&#8217;dan Limburg\u2019da Dayan\u0131\u015fma Kahvalt\u0131s\u0131 CHP Bel\u00e7ika Limburg Birli\u011fi, 14 Aral\u0131k 2025 Pazar g\u00fcn\u00fc dayan\u0131\u015fma kahvalt\u0131s\u0131 d\u00fczenliyor. Etkinlik, 09.30 \u2013 12.30 saatleri aras\u0131nda Eetcafe Kompels (Vennestraat 92, 3600 Genk) adresinde ger\u00e7ekle\u015fecek. Giri\u015f \u00fccreti 10 euro olup, \u00e7ocuklar ve gen\u00e7lik \u00f6rg\u00fct\u00fc \u00fcyeleri i\u00e7in \u00fccretsiz olacak. Kat\u0131l\u0131m t\u00fcm vatanda\u015flara a\u00e7\u0131k."}