{"version":"1.0","provider_name":"Avrupal\u0131 T\u00fcrklerin en Yeni Haber Portal\u0131","provider_url":"https:\/\/avrupatv.eu","author_name":"Onur Akpinar","author_url":"https:\/\/avrupatv.eu\/index.php\/author\/onur-akpinar\/","title":"Almanya\u2019da Darbe Alarm\u0131: A\u015f\u0131r\u0131 Sa\u011fc\u0131 Gruba B\u00fcy\u00fck Operasyon! - Avrupal\u0131 T\u00fcrklerin en Yeni Haber Portal\u0131","type":"rich","width":600,"height":338,"html":"<blockquote class=\"wp-embedded-content\" data-secret=\"2G2eWszsSd\"><a href=\"https:\/\/avrupatv.eu\/index.php\/2025\/05\/13\/almanyada-darbe-alarmi-asiri-sagci-gruba-buyuk-operasyon\/\">Almanya\u2019da Darbe Alarm\u0131: A\u015f\u0131r\u0131 Sa\u011fc\u0131 Gruba B\u00fcy\u00fck Operasyon!<\/a><\/blockquote><iframe sandbox=\"allow-scripts\" security=\"restricted\" src=\"https:\/\/avrupatv.eu\/index.php\/2025\/05\/13\/almanyada-darbe-alarmi-asiri-sagci-gruba-buyuk-operasyon\/embed\/#?secret=2G2eWszsSd\" width=\"600\" height=\"338\" title=\"&#8220;Almanya\u2019da Darbe Alarm\u0131: A\u015f\u0131r\u0131 Sa\u011fc\u0131 Gruba B\u00fcy\u00fck Operasyon!&#8221; &#8212; Avrupal\u0131 T\u00fcrklerin en Yeni Haber Portal\u0131\" data-secret=\"2G2eWszsSd\" frameborder=\"0\" marginwidth=\"0\" marginheight=\"0\" scrolling=\"no\" class=\"wp-embedded-content\"><\/iframe><script type=\"text\/javascript\">\n\/* <![CDATA[ *\/\n\/*! This file is auto-generated *\/\n!function(d,l){\"use strict\";l.querySelector&&d.addEventListener&&\"undefined\"!=typeof URL&&(d.wp=d.wp||{},d.wp.receiveEmbedMessage||(d.wp.receiveEmbedMessage=function(e){var t=e.data;if((t||t.secret||t.message||t.value)&&!\/[^a-zA-Z0-9]\/.test(t.secret)){for(var s,r,n,a=l.querySelectorAll('iframe[data-secret=\"'+t.secret+'\"]'),o=l.querySelectorAll('blockquote[data-secret=\"'+t.secret+'\"]'),c=new RegExp(\"^https?:$\",\"i\"),i=0;i<o.length;i++)o[i].style.display=\"none\";for(i=0;i<a.length;i++)s=a[i],e.source===s.contentWindow&&(s.removeAttribute(\"style\"),\"height\"===t.message?(1e3<(r=parseInt(t.value,10))?r=1e3:~~r<200&&(r=200),s.height=r):\"link\"===t.message&&(r=new URL(s.getAttribute(\"src\")),n=new URL(t.value),c.test(n.protocol))&&n.host===r.host&&l.activeElement===s&&(d.top.location.href=t.value))}},d.addEventListener(\"message\",d.wp.receiveEmbedMessage,!1),l.addEventListener(\"DOMContentLoaded\",function(){for(var e,t,s=l.querySelectorAll(\"iframe.wp-embedded-content\"),r=0;r<s.length;r++)(t=(e=s[r]).getAttribute(\"data-secret\"))||(t=Math.random().toString(36).substring(2,12),e.src+=\"#?secret=\"+t,e.setAttribute(\"data-secret\",t)),e.contentWindow.postMessage({message:\"ready\",secret:t},\"*\")},!1)))}(window,document);\n\/* ]]> *\/\n<\/script>\n","thumbnail_url":"https:\/\/avrupatv.eu\/wp-content\/uploads\/2025\/05\/207110.jpg","thumbnail_width":1280,"thumbnail_height":720,"description":"Berlin \u2013 Almanya\u2019da anayasal d\u00fczeni tan\u0131mayan ve kendi ideolojik y\u00f6netimlerini kurmay\u0131 hedefleyen a\u015f\u0131r\u0131 sa\u011fc\u0131 &#8220;Reich Yurtta\u015flar\u0131&#8221; (Reichsb\u00fcrger) hareketine y\u00f6nelik b\u00fcy\u00fck \u00e7apl\u0131 bir polis operasyonu ger\u00e7ekle\u015ftirildi. Yedi eyalette e\u015f zamanl\u0131 yap\u0131lan bask\u0131nlarda \u00e7ok say\u0131da silah ve m\u00fchimmat ele ge\u00e7irildi, \u00e7ok say\u0131da ki\u015fi g\u00f6zalt\u0131na al\u0131nd\u0131. Almanya genelinde federal ve eyalet g\u00fcvenlik birimlerinin ortak y\u00fcr\u00fctt\u00fc\u011f\u00fc operasyonlar kapsam\u0131nda \u015f\u00fcphelilerin [&hellip;]"}