{"version":"1.0","provider_name":"Avrupal\u0131 T\u00fcrklerin en Yeni Haber Portal\u0131","provider_url":"https:\/\/avrupatv.eu","author_name":"Onur Akpinar","author_url":"https:\/\/avrupatv.eu\/index.php\/author\/onur-akpinar\/","title":"S\u0131rr\u0131 S\u00fcreyya \u00d6nder Hayat\u0131n\u0131 Kaybetti - Avrupal\u0131 T\u00fcrklerin en Yeni Haber Portal\u0131","type":"rich","width":600,"height":338,"html":"<blockquote class=\"wp-embedded-content\" data-secret=\"O8WwEgH6C5\"><a href=\"https:\/\/avrupatv.eu\/index.php\/2025\/05\/03\/sirri-sureyya-onder-hayatini-kaybetti\/\">S\u0131rr\u0131 S\u00fcreyya \u00d6nder Hayat\u0131n\u0131 Kaybetti<\/a><\/blockquote><iframe sandbox=\"allow-scripts\" security=\"restricted\" src=\"https:\/\/avrupatv.eu\/index.php\/2025\/05\/03\/sirri-sureyya-onder-hayatini-kaybetti\/embed\/#?secret=O8WwEgH6C5\" width=\"600\" height=\"338\" title=\"&#8220;S\u0131rr\u0131 S\u00fcreyya \u00d6nder Hayat\u0131n\u0131 Kaybetti&#8221; &#8212; Avrupal\u0131 T\u00fcrklerin en Yeni Haber Portal\u0131\" data-secret=\"O8WwEgH6C5\" frameborder=\"0\" marginwidth=\"0\" marginheight=\"0\" scrolling=\"no\" class=\"wp-embedded-content\"><\/iframe><script type=\"text\/javascript\">\n\/* <![CDATA[ *\/\n\/*! This file is auto-generated *\/\n!function(d,l){\"use strict\";l.querySelector&&d.addEventListener&&\"undefined\"!=typeof URL&&(d.wp=d.wp||{},d.wp.receiveEmbedMessage||(d.wp.receiveEmbedMessage=function(e){var t=e.data;if((t||t.secret||t.message||t.value)&&!\/[^a-zA-Z0-9]\/.test(t.secret)){for(var s,r,n,a=l.querySelectorAll('iframe[data-secret=\"'+t.secret+'\"]'),o=l.querySelectorAll('blockquote[data-secret=\"'+t.secret+'\"]'),c=new RegExp(\"^https?:$\",\"i\"),i=0;i<o.length;i++)o[i].style.display=\"none\";for(i=0;i<a.length;i++)s=a[i],e.source===s.contentWindow&&(s.removeAttribute(\"style\"),\"height\"===t.message?(1e3<(r=parseInt(t.value,10))?r=1e3:~~r<200&&(r=200),s.height=r):\"link\"===t.message&&(r=new URL(s.getAttribute(\"src\")),n=new URL(t.value),c.test(n.protocol))&&n.host===r.host&&l.activeElement===s&&(d.top.location.href=t.value))}},d.addEventListener(\"message\",d.wp.receiveEmbedMessage,!1),l.addEventListener(\"DOMContentLoaded\",function(){for(var e,t,s=l.querySelectorAll(\"iframe.wp-embedded-content\"),r=0;r<s.length;r++)(t=(e=s[r]).getAttribute(\"data-secret\"))||(t=Math.random().toString(36).substring(2,12),e.src+=\"#?secret=\"+t,e.setAttribute(\"data-secret\",t)),e.contentWindow.postMessage({message:\"ready\",secret:t},\"*\")},!1)))}(window,document);\n\/* ]]> *\/\n<\/script>\n","thumbnail_url":"https:\/\/avrupatv.eu\/wp-content\/uploads\/2025\/05\/sirri-sureyya-onderden-erdogan-ve-bahceliye-tesekkur-qfku.jpg","thumbnail_width":1280,"thumbnail_height":720,"description":"S\u0131rr\u0131 S\u00fcreyya \u00d6nder Hayat\u0131n\u0131 Kaybetti T\u00fcrk siyasetinin \u00f6nemli isimlerinden, eski HDP milletvekili ve sinemac\u0131 S\u0131rr\u0131 S\u00fcreyya \u00d6nder hayat\u0131n\u0131 kaybetti. Bir s\u00fcredir sa\u011fl\u0131k sorunlar\u0131 nedeniyle tedavi g\u00f6ren \u00d6nder\u2019in vefat\u0131, sevenleri ve siyasi \u00e7evrelerde b\u00fcy\u00fck \u00fcz\u00fcnt\u00fcye yol a\u00e7t\u0131. S\u0131rr\u0131 S\u00fcreyya \u00d6nder, 1962 y\u0131l\u0131nda Ad\u0131yaman\u2019da d\u00fcnyaya gelmi\u015f, 12 Eyl\u00fcl sonras\u0131 cezaevi y\u0131llar\u0131n\u0131n ard\u0131ndan gazetecilik ve sinemac\u0131l\u0131kla ad\u0131n\u0131 duyurmu\u015ftu. [&hellip;]"}