{"version":"1.0","provider_name":"Avrupal\u0131 T\u00fcrklerin en Yeni Haber Portal\u0131","provider_url":"https:\/\/avrupatv.eu","author_name":"Onur Akpinar","author_url":"https:\/\/avrupatv.eu\/index.php\/author\/onur-akpinar\/","title":"\u0130stanbul\u2019da 6.2 B\u00fcy\u00fckl\u00fc\u011f\u00fcnde Deprem - Avrupal\u0131 T\u00fcrklerin en Yeni Haber Portal\u0131","type":"rich","width":600,"height":338,"html":"<blockquote class=\"wp-embedded-content\" data-secret=\"XgBmZr1mN3\"><a href=\"https:\/\/avrupatv.eu\/index.php\/2025\/04\/23\/istanbulda-6-2-buyuklugunde-deprem\/\">\u0130stanbul\u2019da 6.2 B\u00fcy\u00fckl\u00fc\u011f\u00fcnde Deprem<\/a><\/blockquote><iframe sandbox=\"allow-scripts\" security=\"restricted\" src=\"https:\/\/avrupatv.eu\/index.php\/2025\/04\/23\/istanbulda-6-2-buyuklugunde-deprem\/embed\/#?secret=XgBmZr1mN3\" width=\"600\" height=\"338\" title=\"&#8220;\u0130stanbul\u2019da 6.2 B\u00fcy\u00fckl\u00fc\u011f\u00fcnde Deprem&#8221; &#8212; Avrupal\u0131 T\u00fcrklerin en Yeni Haber Portal\u0131\" data-secret=\"XgBmZr1mN3\" frameborder=\"0\" marginwidth=\"0\" marginheight=\"0\" scrolling=\"no\" class=\"wp-embedded-content\"><\/iframe><script type=\"text\/javascript\">\n\/* <![CDATA[ *\/\n\/*! This file is auto-generated *\/\n!function(d,l){\"use strict\";l.querySelector&&d.addEventListener&&\"undefined\"!=typeof URL&&(d.wp=d.wp||{},d.wp.receiveEmbedMessage||(d.wp.receiveEmbedMessage=function(e){var t=e.data;if((t||t.secret||t.message||t.value)&&!\/[^a-zA-Z0-9]\/.test(t.secret)){for(var s,r,n,a=l.querySelectorAll('iframe[data-secret=\"'+t.secret+'\"]'),o=l.querySelectorAll('blockquote[data-secret=\"'+t.secret+'\"]'),c=new RegExp(\"^https?:$\",\"i\"),i=0;i<o.length;i++)o[i].style.display=\"none\";for(i=0;i<a.length;i++)s=a[i],e.source===s.contentWindow&&(s.removeAttribute(\"style\"),\"height\"===t.message?(1e3<(r=parseInt(t.value,10))?r=1e3:~~r<200&&(r=200),s.height=r):\"link\"===t.message&&(r=new URL(s.getAttribute(\"src\")),n=new URL(t.value),c.test(n.protocol))&&n.host===r.host&&l.activeElement===s&&(d.top.location.href=t.value))}},d.addEventListener(\"message\",d.wp.receiveEmbedMessage,!1),l.addEventListener(\"DOMContentLoaded\",function(){for(var e,t,s=l.querySelectorAll(\"iframe.wp-embedded-content\"),r=0;r<s.length;r++)(t=(e=s[r]).getAttribute(\"data-secret\"))||(t=Math.random().toString(36).substring(2,12),e.src+=\"#?secret=\"+t,e.setAttribute(\"data-secret\",t)),e.contentWindow.postMessage({message:\"ready\",secret:t},\"*\")},!1)))}(window,document);\n\/* ]]> *\/\n<\/script>\n","thumbnail_url":"https:\/\/avrupatv.eu\/wp-content\/uploads\/2025\/04\/5f38f2a4554287268c2b4aae.jpg","thumbnail_width":800,"thumbnail_height":450,"description":"\u0130stanbul, bug\u00fcn saat 12:49\u2019da Silivri a\u00e7\u0131klar\u0131nda meydana gelen 6.2 b\u00fcy\u00fckl\u00fc\u011f\u00fcndeki depremle sars\u0131ld\u0131. Deprem, Marmara Denizi\u2019nde, yerin yakla\u015f\u0131k 6.9 km derinli\u011finde ger\u00e7ekle\u015fti. Sars\u0131nt\u0131 \u0130stanbul\u2019un bir\u00e7ok il\u00e7esinde ve \u00e7evre illerde \u015fiddetli \u015fekilde hissedildi. \u0130lk belirlemelere g\u00f6re, deprem nedeniyle ciddi bir yap\u0131sal hasar ya da can kayb\u0131 bildirilmedi. Ancak TGRT&#8217;nin haberine g\u00f6re, bir vatanda\u015f panik s\u0131ras\u0131nda balkondan atlayarak [&hellip;]"}