{"version":"1.0","provider_name":"Avrupal\u0131 T\u00fcrklerin en Yeni Haber Portal\u0131","provider_url":"https:\/\/avrupatv.eu","author_name":"Onur Akpinar","author_url":"https:\/\/avrupatv.eu\/index.php\/author\/onur-akpinar\/","title":"Gen\u00e7 Giri\u015fimci Emir Ke\u015fan'dan yeni bir ad\u0131m - Avrupal\u0131 T\u00fcrklerin en Yeni Haber Portal\u0131","type":"rich","width":600,"height":338,"html":"<blockquote class=\"wp-embedded-content\" data-secret=\"XMlnY98zam\"><a href=\"https:\/\/avrupatv.eu\/index.php\/2025\/03\/31\/genc-girisimci-emir-kesandan-yeni-bir-adim\/\">Gen\u00e7 Giri\u015fimci Emir Ke\u015fan&#8217;dan yeni bir ad\u0131m<\/a><\/blockquote><iframe sandbox=\"allow-scripts\" security=\"restricted\" src=\"https:\/\/avrupatv.eu\/index.php\/2025\/03\/31\/genc-girisimci-emir-kesandan-yeni-bir-adim\/embed\/#?secret=XMlnY98zam\" width=\"600\" height=\"338\" title=\"&#8220;Gen\u00e7 Giri\u015fimci Emir Ke\u015fan&#8217;dan yeni bir ad\u0131m&#8221; &#8212; Avrupal\u0131 T\u00fcrklerin en Yeni Haber Portal\u0131\" data-secret=\"XMlnY98zam\" frameborder=\"0\" marginwidth=\"0\" marginheight=\"0\" scrolling=\"no\" class=\"wp-embedded-content\"><\/iframe><script type=\"text\/javascript\">\n\/* <![CDATA[ *\/\n\/*! This file is auto-generated *\/\n!function(d,l){\"use strict\";l.querySelector&&d.addEventListener&&\"undefined\"!=typeof URL&&(d.wp=d.wp||{},d.wp.receiveEmbedMessage||(d.wp.receiveEmbedMessage=function(e){var t=e.data;if((t||t.secret||t.message||t.value)&&!\/[^a-zA-Z0-9]\/.test(t.secret)){for(var s,r,n,a=l.querySelectorAll('iframe[data-secret=\"'+t.secret+'\"]'),o=l.querySelectorAll('blockquote[data-secret=\"'+t.secret+'\"]'),c=new RegExp(\"^https?:$\",\"i\"),i=0;i<o.length;i++)o[i].style.display=\"none\";for(i=0;i<a.length;i++)s=a[i],e.source===s.contentWindow&&(s.removeAttribute(\"style\"),\"height\"===t.message?(1e3<(r=parseInt(t.value,10))?r=1e3:~~r<200&&(r=200),s.height=r):\"link\"===t.message&&(r=new URL(s.getAttribute(\"src\")),n=new URL(t.value),c.test(n.protocol))&&n.host===r.host&&l.activeElement===s&&(d.top.location.href=t.value))}},d.addEventListener(\"message\",d.wp.receiveEmbedMessage,!1),l.addEventListener(\"DOMContentLoaded\",function(){for(var e,t,s=l.querySelectorAll(\"iframe.wp-embedded-content\"),r=0;r<s.length;r++)(t=(e=s[r]).getAttribute(\"data-secret\"))||(t=Math.random().toString(36).substring(2,12),e.src+=\"#?secret=\"+t,e.setAttribute(\"data-secret\",t)),e.contentWindow.postMessage({message:\"ready\",secret:t},\"*\")},!1)))}(window,document);\n\/* ]]> *\/\n<\/script>\n","thumbnail_url":"https:\/\/avrupatv.eu\/wp-content\/uploads\/2025\/03\/IMG-20250331-WA0006.jpg","thumbnail_width":1536,"thumbnail_height":2048,"description":"Gen\u00e7 Giri\u015fimcilerden Yeni Bir Ad\u0131m Gazeteci ve gen\u00e7 giri\u015fimci Emir Ke\u015fan, i\u015fletmecilik alan\u0131ndaki tecr\u00fcbelerine yeni bir sayfa ekliyor. Y\u0131llar \u00f6nce bu sekt\u00f6rde deneyim kazanan Ke\u015fan, bir s\u00fcredir ara verdi\u011fi i\u015fletmecili\u011fe geri d\u00f6n\u00fcyor. 5 Nisan Cumartesi g\u00fcn\u00fc bu yolculu\u011fa resmen ba\u015flayacak. Yeni giri\u015fimiyle ilgili d\u00fc\u015f\u00fcncelerini payla\u015fan Ke\u015fan, &#8220;Benim i\u00e7in yeni bir deneyim. Uzun zaman oldu ve [&hellip;]"}