{"version":"1.0","provider_name":"Avrupal\u0131 T\u00fcrklerin en Yeni Haber Portal\u0131","provider_url":"https:\/\/avrupatv.eu","author_name":"Onur Akpinar","author_url":"https:\/\/avrupatv.eu\/index.php\/author\/onur-akpinar\/","title":"Bel\u00e7ika\u2019da 25 Bin M\u00fclteciye Af \u0130ddias\u0131 G\u00fcndemde mi? - Avrupal\u0131 T\u00fcrklerin en Yeni Haber Portal\u0131","type":"rich","width":600,"height":338,"html":"<blockquote class=\"wp-embedded-content\" data-secret=\"deVuvEBiSK\"><a href=\"https:\/\/avrupatv.eu\/index.php\/2024\/12\/19\/belcikada-25-bin-multeciye-af-iddiasi-gundemde-mi\/\">Bel\u00e7ika\u2019da 25 Bin M\u00fclteciye Af \u0130ddias\u0131 G\u00fcndemde mi?<\/a><\/blockquote><iframe sandbox=\"allow-scripts\" security=\"restricted\" src=\"https:\/\/avrupatv.eu\/index.php\/2024\/12\/19\/belcikada-25-bin-multeciye-af-iddiasi-gundemde-mi\/embed\/#?secret=deVuvEBiSK\" width=\"600\" height=\"338\" title=\"&#8220;Bel\u00e7ika\u2019da 25 Bin M\u00fclteciye Af \u0130ddias\u0131 G\u00fcndemde mi?&#8221; &#8212; Avrupal\u0131 T\u00fcrklerin en Yeni Haber Portal\u0131\" data-secret=\"deVuvEBiSK\" frameborder=\"0\" marginwidth=\"0\" marginheight=\"0\" scrolling=\"no\" class=\"wp-embedded-content\"><\/iframe><script type=\"text\/javascript\">\n\/* <![CDATA[ *\/\n\/*! This file is auto-generated *\/\n!function(d,l){\"use strict\";l.querySelector&&d.addEventListener&&\"undefined\"!=typeof URL&&(d.wp=d.wp||{},d.wp.receiveEmbedMessage||(d.wp.receiveEmbedMessage=function(e){var t=e.data;if((t||t.secret||t.message||t.value)&&!\/[^a-zA-Z0-9]\/.test(t.secret)){for(var s,r,n,a=l.querySelectorAll('iframe[data-secret=\"'+t.secret+'\"]'),o=l.querySelectorAll('blockquote[data-secret=\"'+t.secret+'\"]'),c=new RegExp(\"^https?:$\",\"i\"),i=0;i<o.length;i++)o[i].style.display=\"none\";for(i=0;i<a.length;i++)s=a[i],e.source===s.contentWindow&&(s.removeAttribute(\"style\"),\"height\"===t.message?(1e3<(r=parseInt(t.value,10))?r=1e3:~~r<200&&(r=200),s.height=r):\"link\"===t.message&&(r=new URL(s.getAttribute(\"src\")),n=new URL(t.value),c.test(n.protocol))&&n.host===r.host&&l.activeElement===s&&(d.top.location.href=t.value))}},d.addEventListener(\"message\",d.wp.receiveEmbedMessage,!1),l.addEventListener(\"DOMContentLoaded\",function(){for(var e,t,s=l.querySelectorAll(\"iframe.wp-embedded-content\"),r=0;r<s.length;r++)(t=(e=s[r]).getAttribute(\"data-secret\"))||(t=Math.random().toString(36).substring(2,12),e.src+=\"#?secret=\"+t,e.setAttribute(\"data-secret\",t)),e.contentWindow.postMessage({message:\"ready\",secret:t},\"*\")},!1)))}(window,document);\n\/* ]]> *\/\n<\/script>\n","thumbnail_url":"https:\/\/avrupatv.eu\/wp-content\/uploads\/2024\/12\/Belcika-multeciler.jpg","thumbnail_width":864,"thumbnail_height":486,"description":"Son g\u00fcnlerde Bel\u00e7ika\u2019da 25 bin m\u00fclteciye af \u00e7\u0131kar\u0131laca\u011f\u0131 y\u00f6n\u00fcnde spek\u00fclasyonlar tart\u0131\u015fma konusu oldu. Ancak, yetkililer taraf\u0131ndan bu konuda herhangi bir resmi a\u00e7\u0131klama yap\u0131lmad\u0131. \u00dclkede s\u0131\u011f\u0131nmac\u0131 bar\u0131nma krizi devam ederken, bu t\u00fcr bir aff\u0131n g\u00fcndemde olup olmad\u0131\u011f\u0131 belirsizli\u011fini koruyor. 2009\u2019daki Af Karar\u0131 Haf\u0131zalarda Bel\u00e7ika\u2019da daha \u00f6nce 2009 y\u0131l\u0131nda benzer bir karar al\u0131nm\u0131\u015f ve \u00fclkede en az [&hellip;]"}