{"version":"1.0","provider_name":"Avrupal\u0131 T\u00fcrklerin en Yeni Haber Portal\u0131","provider_url":"https:\/\/avrupatv.eu","author_name":"Onur Akpinar","author_url":"https:\/\/avrupatv.eu\/index.php\/author\/onur-akpinar\/","title":"Meral Ak\u015fener Bakan Olacak \u0130ddialar\u0131 - Avrupal\u0131 T\u00fcrklerin en Yeni Haber Portal\u0131","type":"rich","width":600,"height":338,"html":"<blockquote class=\"wp-embedded-content\" data-secret=\"FQcsxey9tZ\"><a href=\"https:\/\/avrupatv.eu\/index.php\/2024\/12\/04\/meral-aksener-bakan-olacak-iddialari\/\">Meral Ak\u015fener Bakan Olacak \u0130ddialar\u0131<\/a><\/blockquote><iframe sandbox=\"allow-scripts\" security=\"restricted\" src=\"https:\/\/avrupatv.eu\/index.php\/2024\/12\/04\/meral-aksener-bakan-olacak-iddialari\/embed\/#?secret=FQcsxey9tZ\" width=\"600\" height=\"338\" title=\"&#8220;Meral Ak\u015fener Bakan Olacak \u0130ddialar\u0131&#8221; &#8212; Avrupal\u0131 T\u00fcrklerin en Yeni Haber Portal\u0131\" data-secret=\"FQcsxey9tZ\" frameborder=\"0\" marginwidth=\"0\" marginheight=\"0\" scrolling=\"no\" class=\"wp-embedded-content\"><\/iframe><script type=\"text\/javascript\">\n\/* <![CDATA[ *\/\n\/*! This file is auto-generated *\/\n!function(d,l){\"use strict\";l.querySelector&&d.addEventListener&&\"undefined\"!=typeof URL&&(d.wp=d.wp||{},d.wp.receiveEmbedMessage||(d.wp.receiveEmbedMessage=function(e){var t=e.data;if((t||t.secret||t.message||t.value)&&!\/[^a-zA-Z0-9]\/.test(t.secret)){for(var s,r,n,a=l.querySelectorAll('iframe[data-secret=\"'+t.secret+'\"]'),o=l.querySelectorAll('blockquote[data-secret=\"'+t.secret+'\"]'),c=new RegExp(\"^https?:$\",\"i\"),i=0;i<o.length;i++)o[i].style.display=\"none\";for(i=0;i<a.length;i++)s=a[i],e.source===s.contentWindow&&(s.removeAttribute(\"style\"),\"height\"===t.message?(1e3<(r=parseInt(t.value,10))?r=1e3:~~r<200&&(r=200),s.height=r):\"link\"===t.message&&(r=new URL(s.getAttribute(\"src\")),n=new URL(t.value),c.test(n.protocol))&&n.host===r.host&&l.activeElement===s&&(d.top.location.href=t.value))}},d.addEventListener(\"message\",d.wp.receiveEmbedMessage,!1),l.addEventListener(\"DOMContentLoaded\",function(){for(var e,t,s=l.querySelectorAll(\"iframe.wp-embedded-content\"),r=0;r<s.length;r++)(t=(e=s[r]).getAttribute(\"data-secret\"))||(t=Math.random().toString(36).substring(2,12),e.src+=\"#?secret=\"+t,e.setAttribute(\"data-secret\",t)),e.contentWindow.postMessage({message:\"ready\",secret:t},\"*\")},!1)))}(window,document);\n\/* ]]> *\/\n<\/script>\n","thumbnail_url":"https:\/\/avrupatv.eu\/wp-content\/uploads\/2024\/12\/enver-aysver-meral-aksenerin-bakan-olacagini-iddia-etti-aksener-bakan-mi-olacak-aksener-su-anda-ne-yapiyor-jbxn.webp","thumbnail_width":1280,"thumbnail_height":720,"description":"MERAL AK\u015eENER BAKAN MI OLACAK? Gazeteci Enver Aysever, son d\u00f6nemde siyasi kulislerde konu\u015fulan \u00f6nemli bir iddiay\u0131 g\u00fcndeme ta\u015f\u0131d\u0131. Aysever, YouTube \u00fczerinden yapt\u0131\u011f\u0131 yay\u0131nda, Meral Ak\u015fener\u2019in AK Parti\u2019nin yeni kabinesinde bakanl\u0131k g\u00f6revini \u00fcstlenece\u011fini \u00f6ne s\u00fcrd\u00fc. Aysever, bu konuda \u201cAk\u015fener, %90 ihtimalle AK Parti&#8217;nin yeni kabinesinde bakan olarak yer alacak\u201d diyerek, iddias\u0131n\u0131n olduk\u00e7a g\u00fc\u00e7l\u00fc bir temele dayand\u0131\u011f\u0131n\u0131 [&hellip;]"}