{"version":"1.0","provider_name":"Avrupal\u0131 T\u00fcrklerin en Yeni Haber Portal\u0131","provider_url":"https:\/\/avrupatv.eu","author_name":"Onur Akpinar","author_url":"https:\/\/avrupatv.eu\/index.php\/author\/onur-akpinar\/","title":"Mauro \u0130cardi mahkemelik oldu - Avrupal\u0131 T\u00fcrklerin en Yeni Haber Portal\u0131","type":"rich","width":600,"height":338,"html":"<blockquote class=\"wp-embedded-content\" data-secret=\"4zefSBeATx\"><a href=\"https:\/\/avrupatv.eu\/index.php\/2024\/11\/14\/mauro-icardi-mahkemelik-oldu\/\">Mauro \u0130cardi mahkemelik oldu<\/a><\/blockquote><iframe sandbox=\"allow-scripts\" security=\"restricted\" src=\"https:\/\/avrupatv.eu\/index.php\/2024\/11\/14\/mauro-icardi-mahkemelik-oldu\/embed\/#?secret=4zefSBeATx\" width=\"600\" height=\"338\" title=\"&#8220;Mauro \u0130cardi mahkemelik oldu&#8221; &#8212; Avrupal\u0131 T\u00fcrklerin en Yeni Haber Portal\u0131\" data-secret=\"4zefSBeATx\" frameborder=\"0\" marginwidth=\"0\" marginheight=\"0\" scrolling=\"no\" class=\"wp-embedded-content\"><\/iframe><script type=\"text\/javascript\">\n\/* <![CDATA[ *\/\n\/*! This file is auto-generated *\/\n!function(d,l){\"use strict\";l.querySelector&&d.addEventListener&&\"undefined\"!=typeof URL&&(d.wp=d.wp||{},d.wp.receiveEmbedMessage||(d.wp.receiveEmbedMessage=function(e){var t=e.data;if((t||t.secret||t.message||t.value)&&!\/[^a-zA-Z0-9]\/.test(t.secret)){for(var s,r,n,a=l.querySelectorAll('iframe[data-secret=\"'+t.secret+'\"]'),o=l.querySelectorAll('blockquote[data-secret=\"'+t.secret+'\"]'),c=new RegExp(\"^https?:$\",\"i\"),i=0;i<o.length;i++)o[i].style.display=\"none\";for(i=0;i<a.length;i++)s=a[i],e.source===s.contentWindow&&(s.removeAttribute(\"style\"),\"height\"===t.message?(1e3<(r=parseInt(t.value,10))?r=1e3:~~r<200&&(r=200),s.height=r):\"link\"===t.message&&(r=new URL(s.getAttribute(\"src\")),n=new URL(t.value),c.test(n.protocol))&&n.host===r.host&&l.activeElement===s&&(d.top.location.href=t.value))}},d.addEventListener(\"message\",d.wp.receiveEmbedMessage,!1),l.addEventListener(\"DOMContentLoaded\",function(){for(var e,t,s=l.querySelectorAll(\"iframe.wp-embedded-content\"),r=0;r<s.length;r++)(t=(e=s[r]).getAttribute(\"data-secret\"))||(t=Math.random().toString(36).substring(2,12),e.src+=\"#?secret=\"+t,e.setAttribute(\"data-secret\",t)),e.contentWindow.postMessage({message:\"ready\",secret:t},\"*\")},!1)))}(window,document);\n\/* ]]> *\/\n<\/script>\n","thumbnail_url":"https:\/\/avrupatv.eu\/wp-content\/uploads\/2024\/11\/580190.webp","thumbnail_width":1202,"thumbnail_height":675,"description":"Galatasaray\u2019\u0131n Arjantinli forveti Mauro Icardi, Tottenham ma\u00e7\u0131nda ya\u015fad\u0131\u011f\u0131 sakatl\u0131k sonras\u0131 tedavi amac\u0131yla \u00fclkesine giderken, \u00f6zel hayat\u0131nda da beklenmedik geli\u015fmeler ya\u015fand\u0131. Fanatik\u2019ten Burak \u00d6zdemir\u2019in haberine g\u00f6re, Pazartesi g\u00fcn\u00fc Arjantin\u2019in ba\u015fkenti Buenos Aires\u2019e ula\u015fan Icardi, eski e\u015fi Wanda Nara\u2019n\u0131n ya\u015fad\u0131\u011f\u0131 Avenida Del Libertador\u2019daki eve giderek k\u0131zlar\u0131n\u0131 ald\u0131. Ancak ikili, \u00f6zellikle Wanda Nara\u2019n\u0131n hamile oldu\u011fu iddialar\u0131 \u00fczerine hararetli [&hellip;]"}