{"version":"1.0","provider_name":"Avrupal\u0131 T\u00fcrklerin en Yeni Haber Portal\u0131","provider_url":"https:\/\/avrupatv.eu","author_name":"Onur Akpinar","author_url":"https:\/\/avrupatv.eu\/index.php\/author\/onur-akpinar\/","title":"Narin G\u00fcran cinayetinde \u015fok geli\u015fme - Avrupal\u0131 T\u00fcrklerin en Yeni Haber Portal\u0131","type":"rich","width":600,"height":338,"html":"<blockquote class=\"wp-embedded-content\" data-secret=\"9A3ZMlgeEz\"><a href=\"https:\/\/avrupatv.eu\/index.php\/2024\/11\/08\/narin-guran-cinayetinde-sok-gelisme\/\">Narin G\u00fcran cinayetinde \u015fok geli\u015fme<\/a><\/blockquote><iframe sandbox=\"allow-scripts\" security=\"restricted\" src=\"https:\/\/avrupatv.eu\/index.php\/2024\/11\/08\/narin-guran-cinayetinde-sok-gelisme\/embed\/#?secret=9A3ZMlgeEz\" width=\"600\" height=\"338\" title=\"&#8220;Narin G\u00fcran cinayetinde \u015fok geli\u015fme&#8221; &#8212; Avrupal\u0131 T\u00fcrklerin en Yeni Haber Portal\u0131\" data-secret=\"9A3ZMlgeEz\" frameborder=\"0\" marginwidth=\"0\" marginheight=\"0\" scrolling=\"no\" class=\"wp-embedded-content\"><\/iframe><script type=\"text\/javascript\">\n\/* <![CDATA[ *\/\n\/*! This file is auto-generated *\/\n!function(d,l){\"use strict\";l.querySelector&&d.addEventListener&&\"undefined\"!=typeof URL&&(d.wp=d.wp||{},d.wp.receiveEmbedMessage||(d.wp.receiveEmbedMessage=function(e){var t=e.data;if((t||t.secret||t.message||t.value)&&!\/[^a-zA-Z0-9]\/.test(t.secret)){for(var s,r,n,a=l.querySelectorAll('iframe[data-secret=\"'+t.secret+'\"]'),o=l.querySelectorAll('blockquote[data-secret=\"'+t.secret+'\"]'),c=new RegExp(\"^https?:$\",\"i\"),i=0;i<o.length;i++)o[i].style.display=\"none\";for(i=0;i<a.length;i++)s=a[i],e.source===s.contentWindow&&(s.removeAttribute(\"style\"),\"height\"===t.message?(1e3<(r=parseInt(t.value,10))?r=1e3:~~r<200&&(r=200),s.height=r):\"link\"===t.message&&(r=new URL(s.getAttribute(\"src\")),n=new URL(t.value),c.test(n.protocol))&&n.host===r.host&&l.activeElement===s&&(d.top.location.href=t.value))}},d.addEventListener(\"message\",d.wp.receiveEmbedMessage,!1),l.addEventListener(\"DOMContentLoaded\",function(){for(var e,t,s=l.querySelectorAll(\"iframe.wp-embedded-content\"),r=0;r<s.length;r++)(t=(e=s[r]).getAttribute(\"data-secret\"))||(t=Math.random().toString(36).substring(2,12),e.src+=\"#?secret=\"+t,e.setAttribute(\"data-secret\",t)),e.contentWindow.postMessage({message:\"ready\",secret:t},\"*\")},!1)))}(window,document);\n\/* ]]> *\/\n<\/script>\n","thumbnail_url":"https:\/\/avrupatv.eu\/wp-content\/uploads\/2024\/11\/narin.jpg","thumbnail_width":785,"thumbnail_height":442,"description":"Diyarbak\u0131r&#8217;da 8 Ya\u015f\u0131ndaki Narin G\u00fcran\u2019\u0131n \u00d6ld\u00fcr\u00fclmesi Davas\u0131nda Yeni Geli\u015fmeler Diyarbak\u0131r\u2019da 8 ya\u015f\u0131ndaki Narin G\u00fcran\u2019\u0131n \u00f6ld\u00fcr\u00fclmesine ili\u015fkin davan\u0131n ikinci duru\u015fmas\u0131nda \u00f6nemli geli\u015fmeler ya\u015fand\u0131. Diyarbak\u0131r 8. A\u011f\u0131r Ceza Mahkemesi\u2019nde g\u00f6r\u00fclen davada, tutuklu san\u0131klar Salim G\u00fcran (amca), Y\u00fcksel G\u00fcran (anne), Enes G\u00fcran (a\u011fabey) ve Narin\u2019in cesedini E\u011fertutmaz Deresi\u2019ne saklad\u0131\u011f\u0131n\u0131 itiraf eden Nevzat Bahtiyar duru\u015fmaya kat\u0131ld\u0131. Narin G\u00fcran\u2019\u0131n Kayboldu\u011fu [&hellip;]"}